{"id":1116,"date":"2026-06-15T13:17:12","date_gmt":"2026-06-15T11:17:12","guid":{"rendered":"https:\/\/papemail.ch\/?page_id=1116"},"modified":"2026-07-07T06:50:29","modified_gmt":"2026-07-07T06:50:29","slug":"datenschutz","status":"publish","type":"page","link":"https:\/\/www.pape-werbe-ag.ch\/?page_id=1116","title":{"rendered":"Datenschutz"},"content":{"rendered":"\t\t<div data-elementor-type=\"wp-page\" data-elementor-id=\"1116\" class=\"elementor elementor-1116\" data-elementor-post-type=\"page\">\n\t\t\t\t<div class=\"elementor-element elementor-element-e1fa269 e-con-full e-flex e-con e-parent\" data-id=\"e1fa269\" data-element_type=\"container\" data-e-type=\"container\">\n\t\t<div class=\"elementor-element elementor-element-e12359e e-flex e-con-boxed e-con e-child\" data-id=\"e12359e\" data-element_type=\"container\" data-e-type=\"container\">\n\t\t\t\t\t<div class=\"e-con-inner\">\n\t\t\t\t<div class=\"elementor-element elementor-element-1d5d2b3 elementor-widget elementor-widget-heading\" data-id=\"1d5d2b3\" data-element_type=\"widget\" data-e-type=\"widget\" data-widget_type=\"heading.default\">\n\t\t\t\t\t<h1 class=\"elementor-heading-title elementor-size-default\">DATENSCHUTZ DER PAPE WERBE AG<\/h1>\t\t\t\t<\/div>\n\t\t\t\t<div class=\"elementor-element elementor-element-49610c0 elementor-widget elementor-widget-text-editor\" data-id=\"49610c0\" data-element_type=\"widget\" data-e-type=\"widget\" data-widget_type=\"text-editor.default\">\n\t\t\t\t\t\t\t\t\t<div class=\"entry\"><p>Verantwortliche Stelle im Sinne der Datenschutzgesetze ist:\u00a0<\/p><p>PAPE Werbe AG<br \/>Im Gewerbepark 2<br \/>8104 Weiningen<\/p><p>Telefon:\u00a0<strong><a href=\"tel:+41 44 751 80 80\" target=\"_blank\" rel=\"noopener\">+41 44 751 80 80<\/a><\/strong><br \/>E-Mail:\u00a0<strong><a href=\"mailto:info@pape3D.ch\" target=\"_blank\" rel=\"noopener\">Mail senden<\/a><\/strong><\/p><\/div><div class=\"entry\"><h2><strong>GRUNDLAGEN<\/strong><\/h2><p>In dieser Datenschutzerkl\u00e4rung erl\u00e4utern wir, die PAPE Werbe AG, wie wir Personendaten erheben und sonst bearbeiten.<\/p><p>Unter Personendaten werden alle Angaben verstanden, die sich auf eine bestimmte oder bestimmbare Person beziehen.<\/p><p>Wenn Sie uns Personendaten anderer Personen (zum Beispiel Familienmitglieder, Daten von Arbeitskollegen) zur Verf\u00fcgung stellen, stellen Sie bitte sicher, dass diese Personen die vorliegende Datenschutzerkl\u00e4rung kennen und teilen Sie uns deren Personendaten nur mit, wenn Sie dies d\u00fcrfen und wenn diese Personendaten korrekt sind.<\/p><p>Das ist keine abschliessende Beschreibung; allenfalls regeln andere Datenschutzerkl\u00e4rungen oder allgemeine Gesch\u00e4ftsbedingungen, Teilnahmebedingungen und \u00e4hnliche Dokumente spezifische Sachverhalte.<\/p><p>Diese Datenschutzerkl\u00e4rung ist auf die Anforderungen der EU-Datenschutz-Grundverordnung (\u00abDSGVO\u00bb) und des Schweizer Datenschutzgesetzes (\u00abDSG\u00bb bzw. \u00abrevDSG\u00bb) ausgelegt. Ob und inwieweit diese Gesetze anwendbar sind, h\u00e4ngt jedoch vom Einzelfall ab.<\/p><\/div><div class=\"entry\"><h2>\u00a0<\/h2><h2><strong>DATENERHEBUNG<\/strong><\/h2><p>Wir bearbeiten in erster Linie die Personendaten, die wir im Rahmen unserer Gesch\u00e4ftsbeziehung mit unseren Kunden und anderen Gesch\u00e4ftspartnern von diesen und weiteren daran beteiligten Personen erhalten oder die wir beim Betrieb unserer Websites von deren Nutzern erheben. Soweit dies erlaubt ist, entnehmen wir auch \u00f6ffentlich zug\u00e4nglichen Quellen (zum Beispiel Betreibungsregister, Grundb\u00fccher, Handelsregister, Presse, Internet) gewisse Daten, von Beh\u00f6rden und sonstigen Dritten (wie zum Beispiel Kreditauskunfteien, Adressh\u00e4ndler).<\/p><p>Nebst den Daten von Ihnen, die Sie uns direkt geben, umfassen die Kategorien von Personendaten, die wir von Dritten \u00fcber Sie erhalten, insbesondere Angaben aus \u00f6ffentlichen Registern, Angaben, die wir im Zusammenhang mit beh\u00f6rdlichen und gerichtlichen Verfahren erfahren, Angaben im Zusammenhang mit ihren beruflichen Funktionen und Aktivit\u00e4ten (damit wir zum Beispiel mit Ihrer Hilfe Gesch\u00e4fte mit Ihrem Arbeitgeber abschliessen und abwickeln k\u00f6nnen), Angaben \u00fcber Sie in Korrespondenz und Besprechungen mit Dritten, Bonit\u00e4tsausk\u00fcnfte (soweit wir mit Ihnen pers\u00f6nlich Gesch\u00e4fte abwickeln), Angaben \u00fcber Sie, die uns Personen aus Ihrem Umfeld (Familie, Berater, Rechtsvertreter, etc.) geben, damit wir Vertr\u00e4ge mit Ihnen oder unter Einbezug von Ihnen abschliessen oder abwickeln k\u00f6nnen (zum Beispiel Referenzen), Ihre Adresse f\u00fcr Lieferungen, Vollmachten, Angaben zur Einhaltung gesetzlicher Vorgaben wie etwa der Geldw\u00e4schereibek\u00e4mpfung und Exportrestriktionen, Angaben von Banken, Versicherungen, Vertriebs- und anderen Vertragspartnern von uns zur Inanspruchnahme oder Erbringung von Leistungen durch Sie (zum Beispiel erfolgte Zahlungen, erfolgte K\u00e4ufe), Angaben aus Medien und Internet zu Ihrer Person (soweit dies im konkreten Fall angezeigt ist, zum Beispiel im Rahmen einer Bewerbung, Presseschau, Marketing\/Verkauf, etc.), Ihre Adressen und ggf. Interessen und weitere soziodemographische Daten (f\u00fcr Marketing), Daten im Zusammenhang mit der Benutzung der Website (zum Beispiel IP-Adresse, MAC-Adresse des Smartphones oder Computers, Angaben zu Ihrem Ger\u00e4t und Einstellungen, Cookies, Datum und Zeit des Besuchs, abgerufene Seiten und Inhalte, benutzte Funktionen, verweisende Website, Standortangaben).<\/p><\/div><div class=\"entry\"><h2>\u00a0<\/h2><h2><strong>DATENVERWENDUNG<\/strong><\/h2><p>Wir verwenden die von uns erhobenen Personendaten in erster Linie, um unsere Vertr\u00e4ge mit unseren Kunden und Gesch\u00e4ftspartnern abzuschliessen und abzuwickeln, so insbesondere im Rahmen der folgenden T\u00e4tigkeit:<\/p><p>die Erbringung von Dienstleistungen im Bereich der Werbung, insbesondere Stand- und Messebau, Messeorganisation, Verleih und Verkauf von Messeartikel, Erstellen und Montage von Beschriftungen, Design und Hosting von Domains.<\/p><p>Im Rahmen dieser T\u00e4tigkeit erheben wir Personendaten f\u00fcr Gesch\u00e4fte mit unseren Kunden und den Einkauf von Produkten und Dienstleistungen von unseren Lieferanten und Subunternehmern, sowie um unseren gesetzlichen Pflichten im In- und Ausland nachzukommen. Wenn Sie f\u00fcr einen solchen Kunden oder Gesch\u00e4ftspartner t\u00e4tig sind, k\u00f6nnen Sie in dieser Funktion mit Ihren Personendaten nat\u00fcrlich ebenfalls davon betroffen sein.<\/p><p>Dar\u00fcber hinaus bearbeiten wir Personendaten von Ihnen und weiteren Personen, soweit erlaubt und es uns als angezeigt erscheint, auch f\u00fcr folgende Zwecke, an denen wir (und zuweilen auch Dritte) ein dem Zweck entsprechendes berechtigtes Interesse haben:<\/p><p>Angebot und Weiterentwicklung unserer Angebote, Dienstleistungen und Websites, und weiteren Plattformen, auf welchen wir pr\u00e4sent sind;<\/p><p>Kommunikation mit Dritten und Bearbeitung derer Anfragen (zum Beispiel Bewerbungen, Medienanfragen);<\/p><p>Pr\u00fcfung und Optimierung von Verfahren zur Bedarfsanalyse zwecks direkter Kundenansprache sowie Erhebung von Personendaten aus \u00f6ffentlich zug\u00e4nglichen Quellen zwecks Kundenakquisition;<\/p><p>Werbung und Marketing (einschliesslich Durchf\u00fchrung von Anl\u00e4ssen), soweit Sie der Nutzung Ihrer Daten nicht widersprochen haben (wenn wir Ihnen als bestehender Kunde von uns Werbung zukommen lassen, k\u00f6nnen Sie dem jederzeit widersprechen, wir setzen Sie dann auf eine Sperrliste gegen weitere Werbesendungen);<\/p><p>Geltendmachung rechtlicher Anspr\u00fcche und Verteidigung in Zusammenhang mit rechtlichen Streitigkeiten und beh\u00f6rdlichen Verfahren;<\/p><p>Verhinderung und Aufkl\u00e4rung von Straftaten und sonstigem Fehlverhalten (zum Beispiel) Durchf\u00fchrung interner Untersuchungen, Datenanalysen zur Betrugsbek\u00e4mpfung);<\/p><p>Gew\u00e4hrleistungen unseres Betriebs, insbesondere der IT, unserer Websites, Apps und weiteren Plattformen;<\/p><p>Video\u00fcberwachungen zur Wahrung des Hausrechts und sonstige Massnahmen zur IT-, Geb\u00e4ude- und Anlagesicherheit und Schutz unserer Mitarbeitenden und weiteren Personen und uns geh\u00f6renden oder anvertrauten Werte (wie zum Beispiel Zutrittskontrollen, Besucherlisten, Netzwerk- und Mailscanner, Telefonaufzeichnungen);<\/p><p>Kauf und Verkauf von Gesch\u00e4ftsbereichen, Gesellschaften oder Teilen von Gesellschaften und andere gesellschaftsrechtliche Transaktionen und damit verbunden die \u00dcbertragung von Personendaten sowie Massnahmen zur Gesch\u00e4ftssteuerung und soweit zur Einhaltung gesetzlicher und regulatorischer Verpflichtungen sowie interner Vorschriften von PAPE Werbe AG.<\/p><p>Soweit Sie uns eine Einwilligung zur Bearbeitung Ihrer Personaldaten f\u00fcr bestimmte Zwecke erteilt haben (zum Beispiel bei Ihrer Anmeldung zum Erhalt von Newslettern oder Durchf\u00fchrung eines Background-Checks), bearbeiten wir Ihre Personendaten im Rahmen und gest\u00fctzt auf diese Einwilligung, soweit wir keine andere Rechtsgrundlage haben und wir eine solche ben\u00f6tigen. Eine erteilte Einwilligung kann jederzeit widerrufen werden, was jedoch keine Auswirkung auf bereits erfolgte Datenbearbeitungen hat.<\/p><\/div><div class=\"entry\"><h2>\u00a0<\/h2><h2><strong>IHRE BETROFFENENRECHTE<\/strong><\/h2><p>Unter den angegebenen Kontaktdaten unseres Datenschutzbeauftragten k\u00f6nnen Sie jederzeit folgende Rechte aus\u00fcben:<\/p><ul><li><span data-mce-mark=\"1\">das Recht, von uns\u00a0<strong>Auskunft<\/strong>\u00a0zu verlangen, ob und welche Daten wir von Ihnen bearbeiten;<\/span><\/li><li><span data-mce-mark=\"1\">das Recht, dass wir Daten\u00a0<strong>korrigieren<\/strong>, wenn sie unrichtig sind;<\/span><\/li><li><span data-mce-mark=\"1\">das Recht, die\u00a0<strong>L\u00f6schung<\/strong>\u00a0von Daten zu verlangen;<\/span><\/li><li><span data-mce-mark=\"1\">das Recht, von uns die\u00a0<strong>Herausgabe<\/strong>\u00a0bestimmter Personendaten in einem g\u00e4ngigen elektronischen Format oder ihre\u00a0<strong>\u00dcbertragung<\/strong>\u00a0an einen anderen Verantwortlichen zu verlangen;<\/span><\/li><li><span data-mce-mark=\"1\">das Recht, eine Einwilligung zu\u00a0<strong>widerrufen<\/strong>, soweit unsere Bearbeitung auf Ihrer Einwilligung beruht;<\/span><\/li><li><span data-mce-mark=\"1\">das Recht auf Nachfrage\u00a0<strong>weitere Informationen<\/strong>\u00a0zu erhalten, die f\u00fcr die Aus\u00fcbung dieser Rechte erforderlich sind.<\/span><\/li><\/ul><p>Sie k\u00f6nnen sich jederzeit mit einer Beschwerde an die f\u00fcr Sie zust\u00e4ndige Datenschutzstelle wenden. Ihre zust\u00e4ndige Aufsichtsbeh\u00f6rde richtet sich nach Ihrem Wohnsitz, Ihrer Arbeit oder der mutmasslichen Verletzung.<\/p><p>Bitte beachten Sie aber, dass wir uns vorbehalten, unsererseits die gesetzlich vorgesehenen Einschr\u00e4nkungen geltend zu machen, etwa wenn wir zur Aufbewahrung oder Bearbeitung gewisser Daten verpflichtet sind, daran ein \u00fcberwiegendes Interesse haben (soweit wir uns darauf berufen d\u00fcrfen) oder sie f\u00fcr die Geltendmachung von Anspr\u00fcchen ben\u00f6tigen. Falls f\u00fcr Sie Kosten anfallen, werden wir Sie vorab informieren. Beachten Sie, dass die Aus\u00fcbung dieser Rechte im Konflikt zu vertraglichen Abmachungen stehen kann und dies Folgen wie zum Beispiel die vorzeitige Vertragsaufl\u00f6sung oder Kostenfolgen haben kann. Wir werden Sie diesfalls vorg\u00e4ngig informieren, wo dies nicht bereits vertraglich geregelt ist.<\/p><p>Die Aus\u00fcbung solcher Rechte setzt in der Regel voraus, dass Sie Ihre Identit\u00e4t eindeutig nachweisen (zum Beispiel durch eine Ausweiskopie, wo Ihre Identit\u00e4t sonst nicht klar ist bzw. verifiziert werden kann). Zur Geltendmachung Ihrer Rechte k\u00f6nnen Sie uns unter der in Ziffer 1 angegebenen Adresse kontaktieren.<\/p><p>Jede betroffene Person hat \u00fcberdies das Recht, ihre Anspr\u00fcche gerichtlich durchzusetzen oder bei der zust\u00e4ndigen Datenschutzbeh\u00f6rde eine Beschwerde einzureichen. Die zust\u00e4ndige Datenschutzbeh\u00f6rde der Schweiz ist der Eidgen\u00f6ssische Datenschutz- und \u00d6ffentlichkeitsbeauftragte (<a href=\"http:\/\/www.edoeb.admin.ch\/\">http:\/\/www.edoeb.admin.ch<\/a>).<\/p><\/div><div class=\"entry\"><h2>\u00a0<\/h2><h2><strong>ZWECK DER DATENVERARBEITUNG DURCH DIE VERANTWORTLICHE STELLE UND DRITTE<\/strong><\/h2><p>Wir verarbeiten Ihre personenbezogenen Daten nur zu den in dieser Datenschutzerkl\u00e4rung genannten Zwecken. Eine \u00dcbermittlung Ihrer pers\u00f6nlichen Daten an Dritte zu anderen als den genannten Zwecken findet nicht statt. Wir geben Ihre pers\u00f6nlichen Daten nur an Dritte weiter, wenn:<\/p><ul><li>Sie Ihre ausdr\u00fcckliche Einwilligung dazu erteilt haben,<\/li><li>die Verarbeitung zur Abwicklung eines Vertrags mit Ihnen erforderlich ist,<\/li><li>die Verarbeitung zur Erf\u00fcllung einer rechtlichen Verpflichtung erforderlich ist,<\/li><\/ul><p>die Verarbeitung zur Wahrung berechtigter Interessen erforderlich ist und kein Grund zur Annahme besteht, dass Sie ein \u00fcberwiegendes schutzw\u00fcrdiges Interesse an der Nichtweitergabe Ihrer Daten haben.<\/p><p>Sofern wir Daten an Dritte weitergeben, beachten wir die gesetzlichen Vorgaben und schliessen insbesondere, zwecks Schutz Ihrer personenbezogenen Daten, Auftragsverarbeitungsvertr\u00e4ge oder \u00e4hnliche Vereinbarungen mit den jeweiligen Empf\u00e4ngern ab.<\/p><\/div><div class=\"entry\"><h2>\u00a0<\/h2><h2><strong>L\u00d6SCHUNG BZW. SPERRUNG DER DATEN<\/strong><\/h2><p>Wir verarbeiten und speichern Ihre Personendaten, solange es f\u00fcr die Erf\u00fcllung unserer vertraglichen und gesetzlichen Pflichten oder sonst die mit der Bearbeitung verfolgten Zwecke erforderlich ist, d.h. also zum Beispiel f\u00fcr die Dauer der gesamten Gesch\u00e4ftsbeziehung (von der Anbahnung, Abwicklung bis zur Beendigung eines Vertrags) sowie dar\u00fcber hinaus gem\u00e4ss den gesetzlichen Aufbewahrungs- und Dokumentationspflichten. Dabei ist es m\u00f6glich, dass Personendaten f\u00fcr die Zeit aufbewahrt werden, in der Anspr\u00fcche gegen unser Unternehmen geltend gemacht werden k\u00f6nnen und soweit wir anderweitig gesetzlich dazu verpflichtet sind oder berechtigte Gesch\u00e4ftsinteressen dies erfordern (zum Beispiel f\u00fcr Beweis- und Dokumentationszwecke). Sobald Ihre Personendaten f\u00fcr die oben genannten Zwecke nicht mehr erforderlich sind, werden sie grunds\u00e4tzlich und soweit m\u00f6glich gel\u00f6scht oder anonymisiert. F\u00fcr betriebliche Daten (zum Beispiel Systemprotokolle, Logs), gelten grunds\u00e4tzliche k\u00fcrzere Aufbewahrungsfristen von zw\u00f6lf Monaten oder weniger. verarbeiten Ihre personenbezogenen Daten nur zu den in dieser Datenschutzerkl\u00e4rung genannten Zwecken. Eine \u00dcbermittlung Ihrer pers\u00f6nlichen Daten an Dritte zu anderen als den genannten Zwecken findet nicht statt. Wir geben Ihre pers\u00f6nlichen Daten nur an Dritte weiter, wenn:<\/p><p>Sie Ihre ausdr\u00fcckliche Einwilligung dazu erteilt haben,<\/p><p>die Verarbeitung zur Abwicklung eines Vertrags mit Ihnen erforderlich ist,<\/p><p>die Verarbeitung zur Erf\u00fcllung einer rechtlichen Verpflichtung erforderlich ist,<\/p><p>die Verarbeitung zur Wahrung berechtigter Interessen erforderlich ist und kein Grund zur Annahme besteht, dass Sie ein \u00fcberwiegendes schutzw\u00fcrdiges Interesse an der Nichtweitergabe Ihrer Daten haben.<\/p><p>Sofern wir Daten an Dritte weitergeben, beachten wir die gesetzlichen Vorgaben und schliessen insbesondere, zwecks Schutz Ihrer personenbezogenen Daten, Auftragsverarbeitungsvertr\u00e4ge oder \u00e4hnliche Vereinbarungen mit den jeweiligen Empf\u00e4ngern ab.<\/p><\/div><div class=\"entry\"><h2>\u00a0<\/h2><h2><strong>BEREITSTELLUNG<\/strong><\/h2><p>Im Rahmen unserer Gesch\u00e4ftsbeziehung m\u00fcssen Sie diejenigen Personendaten bereitstellen, die f\u00fcr die Aufnahme und Durchf\u00fchrung einer Gesch\u00e4ftsbeziehung und der Erf\u00fcllung der damit verbundenen vertraglichen Pflichten erforderlich sind (eine gesetzliche Pflicht, uns Daten bereitzustellen, haben Sie in der Regel nicht). Ohne diese Daten werden wir in der Regel nicht in der Lage sein, einen Vertrag mit Ihnen (oder der Stelle oder Person, die Sie vertreten) zu schliessen oder diesen abzuwickeln. Auch die Website kann nicht genutzt werden, wenn gewisse Angaben zur Sicherstellung des Datenverkehrs (wie zum Beispiel IP-Adresse) nicht offengelegt wird.<\/p><\/div><div class=\"entry\"><h2>\u00a0<\/h2><h2><strong>SICHERHEITSVORKEHRUNGEN<\/strong><\/h2><p>Wir treffen angemessene technische und organisatorische Sicherheitsvorkehrungen zum Schutz Ihrer Personendaten vor unberechtigtem Zugriff und Missbrauch.<\/p><p>Dazu z\u00e4hlen folgende Massnahmen: Erlass von Weisungen, Schulungen, IT- und Netzwerksicherheitsl\u00f6sungen, Zugangskontrollen und -beschr\u00e4nkungen, Verschl\u00fcsselung von Datentr\u00e4gern und \u00dcbermittlungen und regelm\u00e4ssige Kontrollen.<\/p><p>Den Schutz personenbezogener Daten ber\u00fccksichtigen wir bereits bei Entwicklung bzw. Auswahl von Hardware, Software oder Verfahren durch entsprechende technische und organisatorische Massnahmen. Ferner stellen wir eine datenschutzfreundliche Voreinstellung sicher.<\/p><\/div><div class=\"entry\"><h2>\u00a0<\/h2><h2><strong>ERFASSUNG ALLGEMEINER INFORMATIONEN BEIM BESUCH UNSERER WEBSITE<\/strong><\/h2><p>Wenn Sie auf unsere Website zugreifen, werden automatisch Informationen allgemeiner Natur erfasst. Diese Informationen (Server-Logfiles) beinhalten etwa die Art des Webbrowsers, das verwendete Betriebssystem, den Domainnamen Ihres Internet-Service-Providers und \u00e4hnliches. Hierbei handelt es sich ausschliesslich um Informationen, welche keine R\u00fcckschl\u00fcsse auf Ihre Person zulassen.<\/p><p>Diese Informationen sind technisch notwendig, um von Ihnen angeforderte Inhalte von Webseiten korrekt auszuliefern und fallen bei Nutzung des Internets zwingend an. Sie werden insbesondere zu folgenden Zwecken verarbeitet:<\/p><ul><li>Sicherstellung eines problemlosen Verbindungsaufbaus der Website,<\/li><li>Sicherstellung einer reibungslosen Nutzung unserer Website,<\/li><li>Auswertung der Systemsicherheit und -stabilit\u00e4t sowie<\/li><li>zu weiteren administrativen Zwecken.<\/li><\/ul><p>Die Verarbeitung Ihrer personenbezogenen Daten basiert auf unserem berechtigten Interesse aus den vorgenannten Zwecken zur Datenerhebung. Wir verwenden Ihre Daten nicht, um R\u00fcckschl\u00fcsse auf Ihre Person zu ziehen. Empf\u00e4nger der Daten sind nur die verantwortliche Stelle und ggf. Auftragsverarbeiter.<\/p><p>Anonyme Informationen dieser Art werden von uns ggfs. statistisch ausgewertet, um unseren Internetauftritt und die dahinterstehende Technik zu optimieren.<\/p><\/div><div class=\"entry\"><h2>\u00a0<\/h2><h2><strong>COOKIES<\/strong><\/h2><p>Wie viele andere Webseiten verwenden wir auch so genannte \u201eCookies\u201c. Cookies sind kleine Textdateien, die von einem Websiteserver auf Ihre Festplatte \u00fcbertragen werden.<\/p><p>Cookies k\u00f6nnen nicht verwendet werden, um Programme zu starten oder Viren auf einen Computer zu \u00fcbertragen. Anhand der in Cookies enthaltenen Informationen k\u00f6nnen wir Ihnen die Navigation erleichtern und die korrekte Anzeige unserer Webseiten erm\u00f6glichen.<\/p><p>In keinem Fall werden die von uns erfassten Daten an Dritte weitergegeben oder ohne Ihre Einwilligung eine Verkn\u00fcpfung mit personenbezogenen Daten hergestellt.<\/p><p>Nat\u00fcrlich k\u00f6nnen Sie unsere Website grunds\u00e4tzlich auch ohne Cookies betrachten. Internet-Browser sind regelm\u00e4ssig so eingestellt, dass sie Cookies akzeptieren. Im Allgemeinen k\u00f6nnen Sie die Verwendung von Cookies jederzeit \u00fcber die Einstellungen Ihres Browsers deaktivieren. Bitte verwenden Sie die Hilfefunktionen Ihres Internetbrowsers, um zu erfahren, wie Sie diese Einstellungen \u00e4ndern k\u00f6nnen. Bitte beachten Sie, dass einzelne Funktionen unserer Website m\u00f6glicherweise nicht funktionieren, wenn Sie die Verwendung von Cookies deaktiviert haben.<\/p><\/div><div class=\"entry\"><h2>\u00a0<\/h2><h2><strong>SSL-VERSCHL\u00dcSSELUNG<\/strong><\/h2><p>Um die Sicherheit Ihrer Daten bei der \u00dcbertragung zu sch\u00fctzen, verwenden wir dem aktuellen Stand der Technik entsprechende Verschl\u00fcsselungsverfahren (z. B. ssL) \u00fcber HTTPS.<\/p><p>Wir setzen auf unseren Websites ferner sog. Plug-Ins von sozialen Netzwerken wie Facebook, Twitter, Youtube, Pinterest, Xing, LinkedIn oder Instagram. Das ist f\u00fcr Sie jeweils ersichtlich (typischerweise \u00fcber entsprechende Symbole). Wir haben diese Elemente so konfiguriert, dass sie standardm\u00e4ssig deaktiviert sind. Aktivieren Sie sie (durch Anklicken), k\u00f6nnen die Betreiber der jeweiligen sozialen Netzwerke registrieren, dass Sie auf unserer Website sind und wo und k\u00f6nnen diese Informationen f\u00fcr ihre Zwecke nutzen. Die Bearbeitung Ihrer Personendaten erfolgt dann in Verantwortung dieses Betreibers nach dessen Datenschutzbestimmungen. Wir erhalten von ihm keine Angaben zu Ihnen.<\/p><\/div><div class=\"entry\"><h2>\u00a0<\/h2><h2><strong>KONTAKTAUFNAHME<\/strong><\/h2><p>Treten Sie bzgl. Fragen jeglicher Art per E-Mail mit uns in Kontakt, erteilen Sie uns zum Zwecke der Kontaktaufnahme Ihre freiwillige Einwilligung. Hierf\u00fcr ist die Angabe einer validen E-Mail-Adresse und\/oder Telefonnummer erforderlich. Diese dient der Zuordnung der Anfrage und der anschliessenden Beantwortung derselben. Die Angabe weiterer Daten ist optional. Die von Ihnen gemachten Angaben werden zum Zwecke der Bearbeitung der Anfrage sowie f\u00fcr m\u00f6gliche Anschlussfragen gespeichert. Nach Erledigung der von Ihnen gestellten Anfrage werden personenbezogene Daten automatisch gel\u00f6scht.<\/p><\/div><div class=\"entry\"><h2>\u00a0<\/h2><h2><strong>GOOGLE WEBFONTS<\/strong><\/h2><p>Um unsere Inhalte browser\u00fcbergreifend korrekt und grafisch ansprechend darzustellen, verwenden wir auf dieser Website Scriptbibliotheken und Schriftbibliotheken wie z. B. Google Webfonts (<a href=\"https:\/\/www.google.com\/webfonts\/\">https:\/\/www.google.com\/webfonts\/<\/a>). Google Webfonts werden zur Vermeidung mehrfachen Ladens in den Cache Ihres Browsers \u00fcbertragen. Falls der Browser die Google Webfonts nicht unterst\u00fctzt oder den Zugriff unterbindet, werden Inhalte in einer Standardschrift angezeigt.<\/p><p>Der Aufruf von Scriptbibliotheken oder Schriftbibliotheken l\u00f6st automatisch eine Verbindung zum Betreiber der Bibliothek aus. Dabei ist es theoretisch m\u00f6glich, dass Betreiber entsprechender Bibliotheken Daten erheben.<\/p><p>Die Datenschutzrichtlinie des Bibliothekbetreibers Google finden Sie hier: <a href=\"https:\/\/www.google.com\/policies\/privacy\/\">https:\/\/www.google.com\/policies\/privacy\/<\/a> Sie bzgl. Fragen jeglicher Art per E-Mail mit uns in Kontakt, erteilen Sie uns zum Zwecke der Kontaktaufnahme Ihre freiwillige Einwilligung. Hierf\u00fcr ist die Angabe einer validen E-Mail-Adresse und\/oder Telefonnummer erforderlich. Diese dient der Zuordnung der Anfrage und der anschliessenden Beantwortung derselben. Die Angabe weiterer Daten ist optional. Die von Ihnen gemachten Angaben werden zum Zwecke der Bearbeitung der Anfrage sowie f\u00fcr m\u00f6gliche Anschlussfragen gespeichert. Nach Erledigung der von Ihnen gestellten Anfrage werden personenbezogene Daten automatisch gel\u00f6scht.<\/p><\/div><div class=\"entry\"><h2>\u00a0<\/h2><h2><strong>\u00c4NDERUNG UNSERER DATENSCHUTZBESTIMMUNGEN<\/strong><\/h2><p>Wir k\u00f6nnen diese Datenschutzerkl\u00e4rung jederzeit ohne Vorank\u00fcndigung anpassen. Es gilt die jeweils aktuelle, auf unserer Website publizierte Fassung. Soweit die Datenschutzerkl\u00e4rung Teil einer Vereinbarung mit Ihnen ist, werden wir Sie im Falle einer Aktualisierung \u00fcber die \u00c4nderung per E-Mail oder auf andere geeignete Weise informieren.<\/p><\/div><div class=\"entry\"><h2>\u00a0<\/h2><h2><strong>ANLIEGEN AN DEN DATENSCHUTZBEAUFTRAGTEN<\/strong><\/h2><p>Wenn Sie Anliegen oder Fragen zum Datenschutz haben, schreiben Sie uns bitte eine E-Mail oder wenden Sie sich direkt an die f\u00fcr den Datenschutz beauftragte Person in unserer Organisation:\u00a0<\/p><p>Cyrill Pape\u00a0\u00a0<br \/>Datenschutz, Im Gewerbepark 2, 8104 Weiningen\u00a0\u00a0<br \/><strong><a href=\"mailto:c.pape@pape3d.ch\" target=\"_blank\" rel=\"noopener\">c.pape@pape3d.ch\u00a0<\/a><\/strong><\/p><p><strong>Weiningen, Version vom 1. Juni 2026<\/strong><\/p><\/div>\t\t\t\t\t\t\t\t<\/div>\n\t\t\t\t\t<\/div>\n\t\t\t\t<\/div>\n\t\t\t\t<\/div>\n\t\t\t\t<\/div>\n\t\t","protected":false},"excerpt":{"rendered":"<p>DATENSCHUTZ DER PAPE WERBE AG Verantwortliche Stelle im Sinne der Datenschutzgesetze ist:\u00a0 PAPE Werbe AGIm Gewerbepark 28104 Weiningen Telefon:\u00a0+41 44 751 80 80E-Mail:\u00a0Mail senden GRUNDLAGEN In dieser Datenschutzerkl\u00e4rung erl\u00e4utern wir, die PAPE Werbe AG, wie wir Personendaten erheben und sonst bearbeiten. Unter Personendaten werden alle Angaben verstanden, die sich auf eine bestimmte oder bestimmbare Person [&hellip;]<\/p>\n","protected":false},"author":1,"featured_media":0,"parent":0,"menu_order":0,"comment_status":"closed","ping_status":"closed","template":"","meta":{"footnotes":""},"class_list":["post-1116","page","type-page","status-publish","hentry"],"yoast_head":"<!-- This site is optimized with the Yoast SEO plugin v27.9 - https:\/\/yoast.com\/product\/yoast-seo-wordpress\/ -->\n<title>Datenschutz - PAPE Werbe AG<\/title>\n<meta name=\"description\" content=\"Unsere Datenschutzerkl\u00e4rung erkl\u00e4rt, wie wir bei PAPE Werbe AG Personendaten im Einklang mit den Datenschutzgesetzen behandeln.\" \/>\n<meta name=\"robots\" content=\"index, follow, max-snippet:-1, max-image-preview:large, max-video-preview:-1\" \/>\n<link rel=\"canonical\" href=\"https:\/\/www.pape-werbe-ag.ch\/?page_id=1116\" \/>\n<meta property=\"og:locale\" content=\"es_ES\" \/>\n<meta property=\"og:type\" content=\"article\" \/>\n<meta property=\"og:title\" content=\"Datenschutz - PAPE Werbe AG\" \/>\n<meta property=\"og:description\" content=\"Unsere Datenschutzerkl\u00e4rung erkl\u00e4rt, wie wir bei PAPE Werbe AG Personendaten im Einklang mit den Datenschutzgesetzen behandeln.\" \/>\n<meta property=\"og:url\" content=\"https:\/\/www.pape-werbe-ag.ch\/?page_id=1116\" \/>\n<meta property=\"og:site_name\" content=\"PAPE Werbe AG\" \/>\n<meta property=\"article:publisher\" content=\"https:\/\/www.facebook.com\/PAPEWerbeAG\" \/>\n<meta property=\"article:modified_time\" content=\"2026-07-07T06:50:29+00:00\" \/>\n<meta name=\"twitter:card\" content=\"summary_large_image\" \/>\n<meta name=\"twitter:label1\" content=\"Tiempo de lectura\" \/>\n\t<meta name=\"twitter:data1\" content=\"12 minutos\" \/>\n<script type=\"application\/ld+json\" class=\"yoast-schema-graph\">{\"@context\":\"https:\\\/\\\/schema.org\",\"@graph\":[{\"@type\":\"WebPage\",\"@id\":\"https:\\\/\\\/www.pape-werbe-ag.ch\\\/?page_id=1116\",\"url\":\"https:\\\/\\\/www.pape-werbe-ag.ch\\\/?page_id=1116\",\"name\":\"Datenschutz - PAPE Werbe AG\",\"isPartOf\":{\"@id\":\"https:\\\/\\\/www.pape-werbe-ag.ch\\\/#website\"},\"datePublished\":\"2026-06-15T11:17:12+00:00\",\"dateModified\":\"2026-07-07T06:50:29+00:00\",\"description\":\"Unsere Datenschutzerkl\u00e4rung erkl\u00e4rt, wie wir bei PAPE Werbe AG Personendaten im Einklang mit den Datenschutzgesetzen behandeln.\",\"breadcrumb\":{\"@id\":\"https:\\\/\\\/www.pape-werbe-ag.ch\\\/?page_id=1116#breadcrumb\"},\"inLanguage\":\"es\",\"potentialAction\":[{\"@type\":\"ReadAction\",\"target\":[\"https:\\\/\\\/www.pape-werbe-ag.ch\\\/?page_id=1116\"]}]},{\"@type\":\"BreadcrumbList\",\"@id\":\"https:\\\/\\\/www.pape-werbe-ag.ch\\\/?page_id=1116#breadcrumb\",\"itemListElement\":[{\"@type\":\"ListItem\",\"position\":1,\"name\":\"Portada\",\"item\":\"https:\\\/\\\/www.pape-werbe-ag.ch\\\/\"},{\"@type\":\"ListItem\",\"position\":2,\"name\":\"Datenschutz\"}]},{\"@type\":\"WebSite\",\"@id\":\"https:\\\/\\\/www.pape-werbe-ag.ch\\\/#website\",\"url\":\"https:\\\/\\\/www.pape-werbe-ag.ch\\\/\",\"name\":\"PAPE Werbe AG\",\"description\":\"\",\"publisher\":{\"@id\":\"https:\\\/\\\/www.pape-werbe-ag.ch\\\/#organization\"},\"potentialAction\":[{\"@type\":\"SearchAction\",\"target\":{\"@type\":\"EntryPoint\",\"urlTemplate\":\"https:\\\/\\\/www.pape-werbe-ag.ch\\\/?s={search_term_string}\"},\"query-input\":{\"@type\":\"PropertyValueSpecification\",\"valueRequired\":true,\"valueName\":\"search_term_string\"}}],\"inLanguage\":\"es\"},{\"@type\":\"Organization\",\"@id\":\"https:\\\/\\\/www.pape-werbe-ag.ch\\\/#organization\",\"name\":\"PAPE Werbe AG\",\"url\":\"https:\\\/\\\/www.pape-werbe-ag.ch\\\/\",\"logo\":{\"@type\":\"ImageObject\",\"inLanguage\":\"es\",\"@id\":\"https:\\\/\\\/www.pape-werbe-ag.ch\\\/#\\\/schema\\\/logo\\\/image\\\/\",\"url\":\"https:\\\/\\\/www.pape-werbe-ag.ch\\\/wp-content\\\/uploads\\\/2026\\\/06\\\/Element-1-scaled-1.png\",\"contentUrl\":\"https:\\\/\\\/www.pape-werbe-ag.ch\\\/wp-content\\\/uploads\\\/2026\\\/06\\\/Element-1-scaled-1.png\",\"width\":2560,\"height\":712,\"caption\":\"PAPE Werbe AG\"},\"image\":{\"@id\":\"https:\\\/\\\/www.pape-werbe-ag.ch\\\/#\\\/schema\\\/logo\\\/image\\\/\"},\"sameAs\":[\"https:\\\/\\\/www.facebook.com\\\/PAPEWerbeAG\",\"https:\\\/\\\/www.instagram.com\\\/pape_werbe_ag\\\/?hl=de\",\"https:\\\/\\\/www.linkedin.com\\\/company\\\/papewerbeag\\\/\"]}]}<\/script>\n<!-- \/ Yoast SEO plugin. -->","yoast_head_json":{"title":"Datenschutz - PAPE Werbe AG","description":"Unsere Datenschutzerkl\u00e4rung erkl\u00e4rt, wie wir bei PAPE Werbe AG Personendaten im Einklang mit den Datenschutzgesetzen behandeln.","robots":{"index":"index","follow":"follow","max-snippet":"max-snippet:-1","max-image-preview":"max-image-preview:large","max-video-preview":"max-video-preview:-1"},"canonical":"https:\/\/www.pape-werbe-ag.ch\/?page_id=1116","og_locale":"es_ES","og_type":"article","og_title":"Datenschutz - PAPE Werbe AG","og_description":"Unsere Datenschutzerkl\u00e4rung erkl\u00e4rt, wie wir bei PAPE Werbe AG Personendaten im Einklang mit den Datenschutzgesetzen behandeln.","og_url":"https:\/\/www.pape-werbe-ag.ch\/?page_id=1116","og_site_name":"PAPE Werbe AG","article_publisher":"https:\/\/www.facebook.com\/PAPEWerbeAG","article_modified_time":"2026-07-07T06:50:29+00:00","twitter_card":"summary_large_image","twitter_misc":{"Tiempo de lectura":"12 minutos"},"schema":{"@context":"https:\/\/schema.org","@graph":[{"@type":"WebPage","@id":"https:\/\/www.pape-werbe-ag.ch\/?page_id=1116","url":"https:\/\/www.pape-werbe-ag.ch\/?page_id=1116","name":"Datenschutz - PAPE Werbe AG","isPartOf":{"@id":"https:\/\/www.pape-werbe-ag.ch\/#website"},"datePublished":"2026-06-15T11:17:12+00:00","dateModified":"2026-07-07T06:50:29+00:00","description":"Unsere Datenschutzerkl\u00e4rung erkl\u00e4rt, wie wir bei PAPE Werbe AG Personendaten im Einklang mit den Datenschutzgesetzen behandeln.","breadcrumb":{"@id":"https:\/\/www.pape-werbe-ag.ch\/?page_id=1116#breadcrumb"},"inLanguage":"es","potentialAction":[{"@type":"ReadAction","target":["https:\/\/www.pape-werbe-ag.ch\/?page_id=1116"]}]},{"@type":"BreadcrumbList","@id":"https:\/\/www.pape-werbe-ag.ch\/?page_id=1116#breadcrumb","itemListElement":[{"@type":"ListItem","position":1,"name":"Portada","item":"https:\/\/www.pape-werbe-ag.ch\/"},{"@type":"ListItem","position":2,"name":"Datenschutz"}]},{"@type":"WebSite","@id":"https:\/\/www.pape-werbe-ag.ch\/#website","url":"https:\/\/www.pape-werbe-ag.ch\/","name":"PAPE Werbe AG","description":"","publisher":{"@id":"https:\/\/www.pape-werbe-ag.ch\/#organization"},"potentialAction":[{"@type":"SearchAction","target":{"@type":"EntryPoint","urlTemplate":"https:\/\/www.pape-werbe-ag.ch\/?s={search_term_string}"},"query-input":{"@type":"PropertyValueSpecification","valueRequired":true,"valueName":"search_term_string"}}],"inLanguage":"es"},{"@type":"Organization","@id":"https:\/\/www.pape-werbe-ag.ch\/#organization","name":"PAPE Werbe AG","url":"https:\/\/www.pape-werbe-ag.ch\/","logo":{"@type":"ImageObject","inLanguage":"es","@id":"https:\/\/www.pape-werbe-ag.ch\/#\/schema\/logo\/image\/","url":"https:\/\/www.pape-werbe-ag.ch\/wp-content\/uploads\/2026\/06\/Element-1-scaled-1.png","contentUrl":"https:\/\/www.pape-werbe-ag.ch\/wp-content\/uploads\/2026\/06\/Element-1-scaled-1.png","width":2560,"height":712,"caption":"PAPE Werbe AG"},"image":{"@id":"https:\/\/www.pape-werbe-ag.ch\/#\/schema\/logo\/image\/"},"sameAs":["https:\/\/www.facebook.com\/PAPEWerbeAG","https:\/\/www.instagram.com\/pape_werbe_ag\/?hl=de","https:\/\/www.linkedin.com\/company\/papewerbeag\/"]}]}},"_links":{"self":[{"href":"https:\/\/www.pape-werbe-ag.ch\/index.php?rest_route=\/wp\/v2\/pages\/1116","targetHints":{"allow":["GET"]}}],"collection":[{"href":"https:\/\/www.pape-werbe-ag.ch\/index.php?rest_route=\/wp\/v2\/pages"}],"about":[{"href":"https:\/\/www.pape-werbe-ag.ch\/index.php?rest_route=\/wp\/v2\/types\/page"}],"author":[{"embeddable":true,"href":"https:\/\/www.pape-werbe-ag.ch\/index.php?rest_route=\/wp\/v2\/users\/1"}],"replies":[{"embeddable":true,"href":"https:\/\/www.pape-werbe-ag.ch\/index.php?rest_route=%2Fwp%2Fv2%2Fcomments&post=1116"}],"version-history":[{"count":3,"href":"https:\/\/www.pape-werbe-ag.ch\/index.php?rest_route=\/wp\/v2\/pages\/1116\/revisions"}],"predecessor-version":[{"id":1636,"href":"https:\/\/www.pape-werbe-ag.ch\/index.php?rest_route=\/wp\/v2\/pages\/1116\/revisions\/1636"}],"wp:attachment":[{"href":"https:\/\/www.pape-werbe-ag.ch\/index.php?rest_route=%2Fwp%2Fv2%2Fmedia&parent=1116"}],"curies":[{"name":"wp","href":"https:\/\/api.w.org\/{rel}","templated":true}]}}